{"id":13275,"date":"2025-01-05T12:02:32","date_gmt":"2025-01-05T11:02:32","guid":{"rendered":"https:\/\/nostalgie2000s.com\/?page_id=13275"},"modified":"2025-03-29T15:36:28","modified_gmt":"2025-03-29T14:36:28","slug":"mylene-farmer-magazine","status":"publish","type":"page","link":"https:\/\/nostalgie2000s.com\/index.php\/mylene-farmer-magazine\/","title":{"rendered":"Myl\u00e8ne Farmer Magazine"},"content":{"rendered":"\n<figure class=\"wp-block-image size-full is-resized\"><img loading=\"lazy\" decoding=\"async\" width=\"764\" height=\"189\" src=\"https:\/\/nostalgie2000s.com\/wp-content\/uploads\/2025\/01\/MFM-banniere.png\" alt=\"\" class=\"wp-image-13314\" style=\"width:840px;height:auto\" srcset=\"https:\/\/nostalgie2000s.com\/wp-content\/uploads\/2025\/01\/MFM-banniere.png 764w, https:\/\/nostalgie2000s.com\/wp-content\/uploads\/2025\/01\/MFM-banniere-300x74.png 300w\" sizes=\"auto, (max-width: 764px) 100vw, 764px\" \/><\/figure>\n\n\n\n<div style=\"height:30px\" aria-hidden=\"true\" class=\"wp-block-spacer\"><\/div>\n\n\n\n<p>Lanc\u00e9 en 1996, <em>Myl\u00e8ne Farmer Magazine<\/em> est l\u2019\u00e9manation du <em>Myl\u00e8ne Farmer Fanzine<\/em>, \u00e9dit\u00e9 par l\u2019association Wolf Production. Initialement distribu\u00e9 par abonnement, il arrive en kiosque au num\u00e9ro 6 et se distingue par des articles soign\u00e9s et de superbes visuels, respectant l\u2019aura unique de la star.<\/p>\n\n\n\n<p>Au fil des ans, le magazine \u00e9volue : nouvelle \u00e9quipe, mises en page luxueuses, double couvertures d\u00e8s le num\u00e9ro 10, et services annexes comme un site Internet et un service Minitel. En 2001, la gestion passe \u00e0 Om\u00e9ga, et le contenu s\u2019oriente vers plus de photos et d\u2019interviews.<\/p>\n\n\n\n<p>En 2004, des probl\u00e8mes financiers mettent fin \u00e0 sa parution apr\u00e8s 31 num\u00e9ros et 4 hors-s\u00e9ries.<\/p>\n\n\n\n<p>Pour ceux qui explorent ces archives, vous trouverez en <strong>noir<\/strong> les magazines d\u00e9j\u00e0 en possession de la collection, et en <strong><span style=\"color: red;\">rouge<\/span><\/strong> ceux qui me manquent encore.<\/p>\n\n\n\n<div style=\"height:36px\" aria-hidden=\"true\" class=\"wp-block-spacer\"><\/div>\n\n\n\n<h3 class=\"wp-block-heading has-text-align-center\"><strong><em>Les Hors-S\u00e9ries<\/em><\/strong><\/h3>\n\n\n\n<figure class=\"wp-block-image size-full\"><img loading=\"lazy\" decoding=\"async\" width=\"950\" height=\"313\" src=\"https:\/\/nostalgie2000s.com\/wp-content\/uploads\/2025\/01\/MFM-HS.png\" alt=\"\" class=\"wp-image-13311\" srcset=\"https:\/\/nostalgie2000s.com\/wp-content\/uploads\/2025\/01\/MFM-HS.png 950w, https:\/\/nostalgie2000s.com\/wp-content\/uploads\/2025\/01\/MFM-HS-300x99.png 300w, https:\/\/nostalgie2000s.com\/wp-content\/uploads\/2025\/01\/MFM-HS-768x253.png 768w\" sizes=\"auto, (max-width: 950px) 100vw, 950px\" \/><\/figure>\n\n\n\n<div style=\"height:36px\" aria-hidden=\"true\" class=\"wp-block-spacer\"><\/div>\n\n\n\n<h2 class=\"wp-block-heading has-text-align-center\"><strong><em>1996<\/em><\/strong><\/h2>\n\n\n<div class=\"wp-block-image\">\n<figure class=\"alignleft size-full\"><img loading=\"lazy\" decoding=\"async\" width=\"160\" height=\"226\" src=\"https:\/\/nostalgie2000s.com\/wp-content\/uploads\/2025\/01\/MFM-01.jpg\" alt=\"\" class=\"wp-image-13276\"\/><\/figure>\n<\/div>\n\n\n<p><strong><span style=\"color: #ff0000;\">Myl\u00e8ne Farmer Magazine n\u00b01 &#8211; Et\u00e9 1996<\/span><\/strong><\/p>\n\n\n\n<ul class=\"wp-block-list\">\n<li>Reportage \u00ab\u00a0Myl\u00e8ne Farmer Tour 96\u00a0\u00bb<\/li>\n\n\n\n<li>Interview \u00ab\u00a0Paris Premi\u00e8re\u00a0\u00bb<\/li>\n\n\n\n<li>Blabla, vos impressions sur le Tour 96<\/li>\n\n\n\n<li>La presse \u00ab\u00a0Best of Tour 96\u00a0\u00bb<\/li>\n\n\n\n<li>Le sujet du mois : Bilan momentan\u00e9 pour \u00ab\u00a0Anamorphos\u00e9e\u00a0\u00bb<\/li>\n\n\n\n<li>Gros plan sur Paco Rabanne<\/li>\n\n\n\n<li>Partitions : <em>\u00ab\u00a0Libertine\u00a0\u00bb<\/em><\/li>\n<\/ul>\n\n\n\n<div style=\"height:36px\" aria-hidden=\"true\" class=\"wp-block-spacer\"><\/div>\n\n\n<div class=\"wp-block-image\">\n<figure class=\"alignleft size-full\"><img loading=\"lazy\" decoding=\"async\" width=\"160\" height=\"218\" src=\"https:\/\/nostalgie2000s.com\/wp-content\/uploads\/2025\/01\/MFM-02.jpg\" alt=\"\" class=\"wp-image-13277\"\/><\/figure>\n<\/div>\n\n\n<p><strong>Myl\u00e8ne Farmer Magazine n\u00b02 &#8211; Automne 1996<\/strong><\/p>\n\n\n\n<ul class=\"wp-block-list\">\n<li>Blabla : toutes vos impressions sur le clip \u00ab\u00a0<em>Comme j&rsquo;ai mal<\/em>\u00ab\u00a0, la tourn\u00e9e, le magazine&#8230;<\/li>\n\n\n\n<li>Le top d'\u00a0\u00bb<em>Anamorphos\u00e9e<\/em>\u00ab\u00a0<\/li>\n\n\n\n<li>Interview Myl\u00e8ne Farmer et Am\u00e9lie Nothomn : confidences<\/li>\n\n\n\n<li>Le sujet du mois : Itin\u00e9raire d&rsquo;une enfant m\u00e9tamorphos\u00e9e<\/li>\n\n\n\n<li>Gros plan : Edgar Allan Poe et Enzo Cucchi<\/li>\n\n\n\n<li>La presse \u00ab\u00a0Best of tour 96\u00a0\u00bb<\/li>\n\n\n\n<li>Come back : \u00ab\u00a0<em>Libertine<\/em>\u00ab\u00a0<\/li>\n\n\n\n<li>Profil : une fan se pr\u00e9sente<\/li>\n\n\n\n<li>Partition : \u00ab\u00a0<em>Regrets<\/em>\u00ab\u00a0<\/li>\n<\/ul>\n\n\n\n<div style=\"height:61px\" aria-hidden=\"true\" class=\"wp-block-spacer\"><\/div>\n\n\n\n<h2 class=\"wp-block-heading has-text-align-center\"><em><strong>1997<\/strong><\/em><\/h2>\n\n\n<div class=\"wp-block-image\">\n<figure class=\"alignleft size-full\"><img loading=\"lazy\" decoding=\"async\" width=\"160\" height=\"226\" src=\"https:\/\/nostalgie2000s.com\/wp-content\/uploads\/2025\/01\/MFM-03.jpg\" alt=\"\" class=\"wp-image-13278\"\/><\/figure>\n<\/div>\n\n\n<p><strong>Myl\u00e8ne Farmer Magazine n\u00b03 &#8211; Hiver 1997<\/strong><\/p>\n\n\n\n<ul class=\"wp-block-list\">\n<li>Blabla<\/li>\n\n\n\n<li>Partition <em>\u00ab\u00a0D\u00e9senchant\u00e9e\u00a0\u00bb<\/em><\/li>\n\n\n\n<li>Interview : Robert parle d&rsquo;elle et de Myl\u00e8ne<\/li>\n\n\n\n<li>Gros plans sur Greta Garbo<\/li>\n\n\n\n<li>La revue de presse : Tour 96, le retour<\/li>\n\n\n\n<li>Alice (Collectors)<\/li>\n\n\n\n<li>Le sujet du mois : Myl\u00e8ne Farmer en chiffres<\/li>\n\n\n\n<li>Come-back<\/li>\n<\/ul>\n\n\n\n<div style=\"height:40px\" aria-hidden=\"true\" class=\"wp-block-spacer\"><\/div>\n\n\n<div class=\"wp-block-image\">\n<figure class=\"alignleft size-full\"><img loading=\"lazy\" decoding=\"async\" width=\"160\" height=\"228\" src=\"https:\/\/nostalgie2000s.com\/wp-content\/uploads\/2025\/01\/MFM-04.jpg\" alt=\"\" class=\"wp-image-13279\"\/><\/figure>\n<\/div>\n\n\n<p><strong>Myl\u00e8ne Farmer Magazine n\u00b04 &#8211; Juillet \/ Ao\u00fbt \/ Septembre 1997<\/strong><\/p>\n\n\n\n<ul class=\"wp-block-list\">\n<li>Remixes, vid\u00e9os, sondage<\/li>\n\n\n\n<li>Blabla<\/li>\n\n\n\n<li>Le sujet du mois : une carri\u00e8re sans concession<\/li>\n\n\n\n<li>Giogino : fiche artistique et technique, interviews<\/li>\n\n\n\n<li>Le top album<\/li>\n\n\n\n<li>Alice<\/li>\n\n\n\n<li>Interview : interview r\u00e9gionale pour le tour 96<\/li>\n\n\n\n<li>Come back : ainsi soit <em>\u00ab\u00a0L&rsquo;autre\u00a0\u00bb<\/em><\/li>\n\n\n\n<li>Portrait : Michel Polnareff<\/li>\n\n\n\n<li>Gros plans sur J-P Gaultier et Greta Garbo<\/li>\n<\/ul>\n\n\n\n<div style=\"height:38px\" aria-hidden=\"true\" class=\"wp-block-spacer\"><\/div>\n\n\n<div class=\"wp-block-image\">\n<figure class=\"alignleft size-full\"><img loading=\"lazy\" decoding=\"async\" width=\"160\" height=\"230\" src=\"https:\/\/nostalgie2000s.com\/wp-content\/uploads\/2025\/01\/MFM-05.jpg\" alt=\"\" class=\"wp-image-13280\"\/><\/figure>\n<\/div>\n\n\n<p><strong>Myl\u00e8ne Farmer Magazine n\u00b05 &#8211; Octobre \/ Novembre \/ D\u00e9cembre 1997<\/strong><\/p>\n\n\n\n<ul class=\"wp-block-list\">\n<li>Concours et conventions de disques<\/li>\n\n\n\n<li>Blabla<\/li>\n\n\n\n<li>Le top album<\/li>\n\n\n\n<li>Alice<\/li>\n\n\n\n<li>La presse : sp\u00e9cial \u00e9tranger<\/li>\n\n\n\n<li>Gros plan sur Abel Ferara et Thierry Mugler<\/li>\n\n\n\n<li>Le sujet du mois : L&rsquo;\u00e9pop\u00e9e d&rsquo;<em>\u00ab\u00a0Ainsi soit-je\u00a0\u00bb<\/em><\/li>\n\n\n\n<li>Interview : Europe 1<\/li>\n\n\n\n<li>Le nuit XXL<\/li>\n\n\n\n<li>Ev\u00e8nement : Myl\u00e8ne Farmer sur Grand Ecran<\/li>\n\n\n\n<li>Come back : <em>\u00ab\u00a0Plus grandir\u00a0\u00bb<\/em><\/li>\n\n\n\n<li>Exclusif : Backstage Tour 96<\/li>\n\n\n\n<li>Le sujet du mois : Myl\u00e8ne Farmer et Madonna<\/li>\n<\/ul>\n\n\n\n<div style=\"height:42px\" aria-hidden=\"true\" class=\"wp-block-spacer\"><\/div>\n\n\n\n<h2 class=\"wp-block-heading has-text-align-center\"><em><strong>1998<\/strong><\/em><\/h2>\n\n\n<div class=\"wp-block-image\">\n<figure class=\"alignleft size-full\"><img loading=\"lazy\" decoding=\"async\" width=\"160\" height=\"229\" src=\"https:\/\/nostalgie2000s.com\/wp-content\/uploads\/2025\/01\/MFM-06.jpg\" alt=\"\" class=\"wp-image-13281\"\/><\/figure>\n<\/div>\n\n\n<p><strong>Myl\u00e8ne Farmer Magazine n\u00b06 &#8211; Janvier \/ F\u00e9vrier \/ Mars 1998<\/strong><\/p>\n\n\n\n<ul class=\"wp-block-list\">\n<li>Sujet : Le nouveau d\u00e9part<\/li>\n\n\n\n<li>Interview : Clip d\u00e9dicace 1988<\/li>\n\n\n\n<li>Plan promotionnel : Tour 89 et 96<\/li>\n\n\n\n<li>Le top<\/li>\n\n\n\n<li>Alice (Collectors), conventions de disques<\/li>\n\n\n\n<li>Ventes \u00ab\u00a0Anamorphos\u00e9e\u00a0\u00bb<\/li>\n\n\n\n<li>Presse : Sp\u00e9cial \u00e9tranger<\/li>\n\n\n\n<li>Gros plans sur Luc Besson et Gilbert &amp; Georges<\/li>\n\n\n\n<li>Analytitre : \u00ab\u00a0A quoi je sers\u00a0\u00bb<\/li>\n\n\n\n<li>Dossier : Les t\u00e9l\u00e9s de Myl\u00e8ne<\/li>\n<\/ul>\n\n\n\n<div style=\"height:46px\" aria-hidden=\"true\" class=\"wp-block-spacer\"><\/div>\n\n\n<div class=\"wp-block-image\">\n<figure class=\"alignleft size-full\"><img loading=\"lazy\" decoding=\"async\" width=\"160\" height=\"225\" src=\"https:\/\/nostalgie2000s.com\/wp-content\/uploads\/2025\/01\/MFM-07.jpg\" alt=\"\" class=\"wp-image-13282\"\/><\/figure>\n<\/div>\n\n\n<p><strong>Myl\u00e8ne Farmer Magazine n\u00b07 &#8211; Avril \/ Mai \/ Juin 1998<\/strong><\/p>\n\n\n\n<ul class=\"wp-block-list\">\n<li>Plan promo<\/li>\n\n\n\n<li>Sujet : Cendres de lune<\/li>\n\n\n\n<li>Interview : Pour un clip avec toi (1991)<\/li>\n\n\n\n<li>Top 50 int\u00e9gral : <em>\u00ab\u00a0Libertine\u00a0\u00bb<\/em> et <em>\u00ab\u00a0Tristana\u00a0\u00bb<\/em><\/li>\n\n\n\n<li>Myl\u00e8ne is calling<\/li>\n\n\n\n<li>Alice (collectors)<\/li>\n\n\n\n<li>Presse : Giogino<\/li>\n\n\n\n<li>Exclu : Rencontre avec Sophie Tellier<\/li>\n\n\n\n<li>Dossier sp\u00e9cial : Laurent Boutonnat<\/li>\n\n\n\n<li>Analytitre : <em>\u00ab\u00a0Libertine\u00a0\u00bb<\/em><\/li>\n\n\n\n<li>Dossier : Myl\u00e8ne et la mode<\/li>\n\n\n\n<li>Discographie : <em>\u00ab\u00a0Libertine\u00a0\u00bb<\/em><\/li>\n<\/ul>\n\n\n\n<div style=\"height:40px\" aria-hidden=\"true\" class=\"wp-block-spacer\"><\/div>\n\n\n<div class=\"wp-block-image\">\n<figure class=\"alignleft size-full\"><img loading=\"lazy\" decoding=\"async\" width=\"160\" height=\"224\" src=\"https:\/\/nostalgie2000s.com\/wp-content\/uploads\/2025\/01\/MFM-08.jpg\" alt=\"\" class=\"wp-image-13283\"\/><\/figure>\n<\/div>\n\n\n<p><strong>Myl\u00e8ne Farmer Magazine n\u00b08 &#8211; Juillet \/ Ao\u00fbt \/ Septembre 1998<\/strong><\/p>\n\n\n\n<ul class=\"wp-block-list\">\n<li>Myl\u00e8ne is calling<\/li>\n\n\n\n<li>Sujet : Les faces cach\u00e9es de Myl\u00e8ne Farmer<\/li>\n\n\n\n<li>Interview : Pour un clip avec toi (1991)<\/li>\n\n\n\n<li>Alice (collectors)<\/li>\n\n\n\n<li>Presse : <em>\u00ab\u00a0Regrets\u00a0\u00bb<\/em><\/li>\n\n\n\n<li>La nuit XXL<\/li>\n\n\n\n<li>Analytitre : <em>\u00ab\u00a0Regrets\u00a0\u00bb<\/em><\/li>\n\n\n\n<li>Portrait : Jean-Louis Murat<\/li>\n\n\n\n<li>Discographie et top : <em>\u00ab\u00a0Regrets\u00a0\u00bb<\/em><\/li>\n\n\n\n<li>Dossier : Myl\u00e8ne, l&rsquo;art et le boudhisme<\/li>\n<\/ul>\n\n\n\n<div style=\"height:47px\" aria-hidden=\"true\" class=\"wp-block-spacer\"><\/div>\n\n\n<div class=\"wp-block-image\">\n<figure class=\"alignleft size-full\"><img loading=\"lazy\" decoding=\"async\" width=\"160\" height=\"228\" src=\"https:\/\/nostalgie2000s.com\/wp-content\/uploads\/2025\/01\/MFM-09.jpg\" alt=\"\" class=\"wp-image-13284\"\/><\/figure>\n<\/div>\n\n\n<p><strong>Myl\u00e8ne Farmer Magazine n\u00b09 &#8211; Octobre \/ Novembre \/ D\u00e9cembre 1998<\/strong><\/p>\n\n\n\n<ul class=\"wp-block-list\">\n<li>Myl\u00e8ne is calling<\/li>\n\n\n\n<li>Alice (collectors)<\/li>\n\n\n\n<li>Analytitre : \u00ab\u00a0Que mon coeur l\u00e2che\u00a0\u00bb<\/li>\n\n\n\n<li>Top 50 &amp; Discographie<\/li>\n\n\n\n<li>Presse<\/li>\n\n\n\n<li>Interview<\/li>\n\n\n\n<li>Sujet sp\u00e9cial 95-97 : Bilan d&rsquo;une anamorphose r\u00e9ussie<\/li>\n\n\n\n<li>Myl\u00e8ne Farmer news<\/li>\n<\/ul>\n\n\n\n<div style=\"height:69px\" aria-hidden=\"true\" class=\"wp-block-spacer\"><\/div>\n\n\n\n<h2 class=\"wp-block-heading has-text-align-center\"><strong><em>1999<\/em><\/strong><\/h2>\n\n\n<div class=\"wp-block-image\">\n<figure class=\"alignleft size-full\"><img loading=\"lazy\" decoding=\"async\" width=\"160\" height=\"225\" src=\"https:\/\/nostalgie2000s.com\/wp-content\/uploads\/2025\/01\/MFM-10.jpg\" alt=\"\" class=\"wp-image-13285\"\/><\/figure>\n<\/div>\n\n\n<p><strong>Myl\u00e8ne Farmer Magazine n\u00b010 &#8211; Janvier \/ F\u00e9vrier \/ Mars 1999<\/strong><\/p>\n\n\n\n<ul class=\"wp-block-list\">\n<li>Myl\u00e8ne Farmer \u00e0 Bercy<\/li>\n\n\n\n<li>California : le single, le clip, la presse, la discographie<\/li>\n\n\n\n<li>Je t&rsquo;aime M\u00e9lancolie : Myl\u00e8ne \u00e0 le diable au corps, la presse, la discographie<\/li>\n\n\n\n<li>Reportage : La nuit XXL<\/li>\n\n\n\n<li>Le courrier des lecteurs<\/li>\n\n\n\n<li>Concours \/ Anciens num\u00e9ros<\/li>\n\n\n\n<li>Petites annonces<\/li>\n<\/ul>\n\n\n\n<div style=\"height:40px\" aria-hidden=\"true\" class=\"wp-block-spacer\"><\/div>\n\n\n<div class=\"wp-block-image\">\n<figure class=\"alignleft size-full\"><img loading=\"lazy\" decoding=\"async\" width=\"160\" height=\"229\" src=\"https:\/\/nostalgie2000s.com\/wp-content\/uploads\/2025\/01\/MFM-11.jpg\" alt=\"\" class=\"wp-image-13286\"\/><\/figure>\n<\/div>\n\n\n<p><strong>Myl\u00e8ne Farmer Magazine n\u00b011 &#8211; Avril \/ Mai \/ Juin 1999<\/strong><\/p>\n\n\n\n<ul class=\"wp-block-list\">\n<li>L&rsquo;\u00e2me stram-gram : Un texte sulfureux pour un retour d\u00e9capant, discographie<\/li>\n\n\n\n<li>Innamoramento : L&rsquo;album tant attendu, morceaux choisis d&rsquo;NRJ<\/li>\n\n\n\n<li>La presse : Couvertures et articles<\/li>\n\n\n\n<li>Classements : Tous les classements de \u00ab\u00a0L&rsquo;\u00e2me stram-gram\u00a0\u00bb<\/li>\n\n\n\n<li>Qui est qui ? : Gros plan sur Marino Parisotto Vay et Ching Siu Tung<\/li>\n\n\n\n<li>Myl\u00e8ne Farmer \u00e0 Bercy<\/li>\n\n\n\n<li>Success Story : Retour sur les moments forts d&rsquo;une carri\u00e8re sans contrefa\u00e7on<\/li>\n\n\n\n<li>Interview : Morceaux choisis<\/li>\n\n\n\n<li>La presse<\/li>\n<\/ul>\n\n\n\n<div style=\"height:38px\" aria-hidden=\"true\" class=\"wp-block-spacer\"><\/div>\n\n\n<div class=\"wp-block-image\">\n<figure class=\"alignleft size-full\"><img loading=\"lazy\" decoding=\"async\" width=\"160\" height=\"230\" src=\"https:\/\/nostalgie2000s.com\/wp-content\/uploads\/2025\/01\/MFM-12.jpg\" alt=\"\" class=\"wp-image-13287\"\/><\/figure>\n<\/div>\n\n\n<p><strong>Myl\u00e8ne Farmer Magazine n\u00b012 &#8211; Juillet \/ Ao\u00fbt \/ Septembre 1999<\/strong><\/p>\n\n\n\n<ul class=\"wp-block-list\">\n<li>Classements : L&rsquo;\u00e2me stram-gram, Je te rends ton amour, Innamoramento<\/li>\n\n\n\n<li>Je te rends ton amour : Discographie, promos<\/li>\n\n\n\n<li>Egon Schiele, Gros plan sur un des artistes qui inspire Myl\u00e8ne<\/li>\n\n\n\n<li>La presse : couvertures et articles<\/li>\n\n\n\n<li>Interview : Retranscription de l&rsquo;interview que Myl\u00e8ne a donn\u00e9 sur une radio bordelaise<\/li>\n\n\n\n<li>Success Story : Seconde partie de notre r\u00e9tro \u00ab\u00a0Sp\u00e9ciale 15 ans\u00a0\u00bb<\/li>\n\n\n\n<li>Interview : RTL du 31 mai 1996<\/li>\n\n\n\n<li>La presse<\/li>\n<\/ul>\n\n\n\n<div style=\"height:45px\" aria-hidden=\"true\" class=\"wp-block-spacer\"><\/div>\n\n\n<div class=\"wp-block-image\">\n<figure class=\"alignleft size-full\"><img loading=\"lazy\" decoding=\"async\" width=\"160\" height=\"226\" src=\"https:\/\/nostalgie2000s.com\/wp-content\/uploads\/2025\/01\/MFM-13.jpg\" alt=\"\" class=\"wp-image-13288\"\/><\/figure>\n<\/div>\n\n\n<p><strong>Myl\u00e8ne Farmer Magazine n\u00b013 &#8211; Octobre \/ Novembre \/ D\u00e9cembre 1999<\/strong><\/p>\n\n\n\n<ul class=\"wp-block-list\">\n<li>Classements &amp; Collectors<\/li>\n\n\n\n<li>Souviens-toi du jour : Discographie, promos&#8230;<\/li>\n\n\n\n<li>Peter Lindbergh : Gros plan sur un photographe surprenant par ses clich\u00e9s<\/li>\n\n\n\n<li>Myl\u00e8ne Farmer on the web<\/li>\n\n\n\n<li>La presse : premi\u00e8re coupures du Mylenium Tour<\/li>\n\n\n\n<li>Mylenium Tour, Part 1<\/li>\n\n\n\n<li>The Last Millennium Night<\/li>\n\n\n\n<li>Sp\u00e9cial Tour 89 &amp; Tour 96 : Tous les d\u00e9tails des deux premi\u00e8res tourn\u00e9es sold-out<\/li>\n\n\n\n<li>Interview XXelle (Tour 96)<\/li>\n\n\n\n<li>Presse : Best of des Tours 89 et 96<\/li>\n\n\n\n<li>Rencontre avec Christophe Mourth\u00e9 : L&rsquo;un des premiers photographes \u00e0 avoir immortalis\u00e9 Myl\u00e8ne et sa chevelure de feu<\/li>\n<\/ul>\n\n\n\n<div style=\"height:66px\" aria-hidden=\"true\" class=\"wp-block-spacer\"><\/div>\n\n\n\n<h2 class=\"wp-block-heading has-text-align-center\"><em><strong>2000<\/strong><\/em><\/h2>\n\n\n<div class=\"wp-block-image\">\n<figure class=\"alignleft size-full\"><img loading=\"lazy\" decoding=\"async\" width=\"160\" height=\"233\" src=\"https:\/\/nostalgie2000s.com\/wp-content\/uploads\/2025\/01\/MFM-14.jpg\" alt=\"\" class=\"wp-image-13289\"\/><\/figure>\n<\/div>\n\n\n<p><strong>Myl\u00e8ne Farmer Magazine n\u00b014 &#8211; Janvier \/ F\u00e9vrier \/ Mars 2000<\/strong><\/p>\n\n\n\n<ul class=\"wp-block-list\">\n<li>Classements &amp; collectors<\/li>\n\n\n\n<li>Optimistique-moi<\/li>\n\n\n\n<li>Interview in\u00e9dite : retranscription de l&rsquo;interview donn\u00e9e par Myl\u00e8ne Farmer au magazine belge \u00ab\u00a0T\u00e9l\u00e9 Moustique\u00a0\u00bb en octobre 1999<\/li>\n\n\n\n<li>La presse : La suite des coupures du \u00ab\u00a0Mylenium Tour\u00a0\u00bb<\/li>\n\n\n\n<li>Mylenium Tour, Part 2<\/li>\n\n\n\n<li>Les nuits MF de l&rsquo;an 2000<\/li>\n\n\n\n<li>L&rsquo;autre Innamoramento : corr\u00e9lation fantastique d&rsquo;un admirateur<\/li>\n\n\n\n<li>Les inspirations de Myl\u00e8ne<\/li>\n\n\n\n<li>Retour sur <em>\u00ab\u00a0Pourvu qu&rsquo;elles soient douces\u00a0\u00bb<\/em> : sujet, discographie, presse<\/li>\n<\/ul>\n\n\n\n<div style=\"height:44px\" aria-hidden=\"true\" class=\"wp-block-spacer\"><\/div>\n\n\n<div class=\"wp-block-image\">\n<figure class=\"alignleft size-full\"><img loading=\"lazy\" decoding=\"async\" width=\"160\" height=\"228\" src=\"https:\/\/nostalgie2000s.com\/wp-content\/uploads\/2025\/01\/MFM-15.jpg\" alt=\"\" class=\"wp-image-13290\"\/><\/figure>\n<\/div>\n\n\n<p><strong>Myl\u00e8ne Farmer Magazine n\u00b015 &#8211; Avril \/ Mai \/ Juin 2000<\/strong><\/p>\n\n\n\n<ul class=\"wp-block-list\">\n<li>Classements &amp; On the web<\/li>\n\n\n\n<li>Interview russe<\/li>\n\n\n\n<li>Le choc amoureux \/ Pas le temps de vivre<\/li>\n\n\n\n<li>Mylenium Tour, Part 3 : Interview de HR Giger<\/li>\n\n\n\n<li>Optimistique-moi : Le clip et la discographie<\/li>\n\n\n\n<li>Discographie (Part 1) : Tout sur tous les singles<\/li>\n\n\n\n<li>L&rsquo;ann\u00e9e de tous les succ\u00e8s : Un million d&rsquo;albums vendus en un an et une pluie de troph\u00e9es<\/li>\n\n\n\n<li>Les inspirations de Myl\u00e8ne<\/li>\n\n\n\n<li>Beyond my control : Le titre qui a fait couler beaucoup d&rsquo;encre et de sang<\/li>\n\n\n\n<li>La presse : La censure vue par les journalistes<\/li>\n<\/ul>\n\n\n\n<div style=\"height:49px\" aria-hidden=\"true\" class=\"wp-block-spacer\"><\/div>\n\n\n<div class=\"wp-block-image\">\n<figure class=\"alignleft size-full\"><img loading=\"lazy\" decoding=\"async\" width=\"160\" height=\"229\" src=\"https:\/\/nostalgie2000s.com\/wp-content\/uploads\/2025\/01\/MFM-16.jpg\" alt=\"\" class=\"wp-image-13291\"\/><\/figure>\n<\/div>\n\n\n<p><strong>Myl\u00e8ne Farmer Magazine n\u00b016 &#8211; Juillet \/ Ao\u00fbt \/ Septembre 2000<\/strong><\/p>\n\n\n\n<ul class=\"wp-block-list\">\n<li>Classements<\/li>\n\n\n\n<li>Innamoramento<\/li>\n\n\n\n<li>Gros plan sur Aliz\u00e9e : Myl\u00e8ne se lance dans la production pour la premi\u00e8re fois<\/li>\n\n\n\n<li>Interview Le Mag &#8211; MCM : Myl\u00e8ne se d\u00e9voile un peu<\/li>\n\n\n\n<li>Discographie (Part 2)<\/li>\n\n\n\n<li>La fille de Ryan<\/li>\n\n\n\n<li>L&rsquo;amour naissant<\/li>\n\n\n\n<li>Les t\u00e9l\u00e9s d&rsquo;Innamoramento<\/li>\n\n\n\n<li>Sans contrefa\u00e7on  Puisqu&rsquo;il faut choisir&#8230;<\/li>\n\n\n\n<li>La presse<\/li>\n<\/ul>\n\n\n\n<div style=\"height:44px\" aria-hidden=\"true\" class=\"wp-block-spacer\"><\/div>\n\n\n<div class=\"wp-block-image\">\n<figure class=\"alignleft size-full\"><img loading=\"lazy\" decoding=\"async\" width=\"160\" height=\"228\" src=\"https:\/\/nostalgie2000s.com\/wp-content\/uploads\/2025\/01\/MFM-17.jpg\" alt=\"\" class=\"wp-image-13292\"\/><\/figure>\n<\/div>\n\n\n<p><strong>Myl\u00e8ne Farmer Magazine n\u00b017 &#8211; Octobre \/ Novembre \/ D\u00e9cembre 2000<\/strong><\/p>\n\n\n\n<ul class=\"wp-block-list\">\n<li>Dessine-moi un mouton<\/li>\n\n\n\n<li>Interview : David Marguet<\/li>\n\n\n\n<li>La toile d&rsquo;Alice &#8211; MF&rsquo;s web-sites<\/li>\n\n\n\n<li>Interview MCM<\/li>\n\n\n\n<li>L&rsquo;unique : Sp\u00e9cial laser-disc<\/li>\n\n\n\n<li>Flash Back : \u00ab\u00a0Sans logique\u00a0\u00bb<\/li>\n\n\n\n<li>Dossier : Discographie <\/li>\n\n\n\n<li>Zoom sur Andr\u00e9 Rau<\/li>\n\n\n\n<li>Id\u00e9alis : Effets secondaires<\/li>\n<\/ul>\n\n\n\n<div style=\"height:68px\" aria-hidden=\"true\" class=\"wp-block-spacer\"><\/div>\n\n\n\n<h2 class=\"wp-block-heading has-text-align-center\"><strong><em>2001<\/em><\/strong><\/h2>\n\n\n<div class=\"wp-block-image\">\n<figure class=\"alignleft size-full\"><img loading=\"lazy\" decoding=\"async\" width=\"160\" height=\"228\" src=\"https:\/\/nostalgie2000s.com\/wp-content\/uploads\/2025\/01\/MFM-18.jpg\" alt=\"\" class=\"wp-image-13293\"\/><\/figure>\n<\/div>\n\n\n<p><strong>Myl\u00e8ne Farmer Magazine n\u00b018 &#8211; Janvier \/ F\u00e9vrier \/ Mars 2001<\/strong><\/p>\n\n\n\n<ul class=\"wp-block-list\">\n<li>Sur un air d&rsquo;Aliz\u00e9e*<\/li>\n\n\n\n<li>Live in Russia<\/li>\n\n\n\n<li>L&rsquo;unique : Mylenium Tour et Dessine-moi un mouton<\/li>\n\n\n\n<li>La toile d&rsquo;Alice &#8211; MF&rsquo;s web-sites<\/li>\n\n\n\n<li>Dossier : M6 Awards<\/li>\n\n\n\n<li>Flash-back : Giorgino<\/li>\n\n\n\n<li>Id\u00e9alis : L&rsquo;histoire d&rsquo;une f\u00e9e, c&rsquo;est&#8230;<\/li>\n\n\n\n<li>Zoom sur Peter Lindbergh<\/li>\n\n\n\n<li>Dossier : Les 7 p\u00e9ch\u00e9s capitaux<\/li>\n<\/ul>\n\n\n\n<div style=\"height:40px\" aria-hidden=\"true\" class=\"wp-block-spacer\"><\/div>\n\n\n<div class=\"wp-block-image\">\n<figure class=\"alignleft size-full\"><img loading=\"lazy\" decoding=\"async\" width=\"160\" height=\"228\" src=\"https:\/\/nostalgie2000s.com\/wp-content\/uploads\/2025\/01\/MFM-19.jpg\" alt=\"\" class=\"wp-image-13294\"\/><\/figure>\n<\/div>\n\n\n<p><strong>Myl\u00e8ne Farmer Magazine n\u00b019 &#8211; Avril \/ Mai \/ Juin 2001<\/strong><\/p>\n\n\n\n<ul class=\"wp-block-list\">\n<li>Sujet : les remixes<\/li>\n\n\n\n<li>Sujet : Les mots<\/li>\n\n\n\n<li>Sujet : Myl\u00e8ne aime le X<\/li>\n\n\n\n<li>La toile d&rsquo;Alice<\/li>\n\n\n\n<li>Sujet : Les costumes<\/li>\n\n\n\n<li>L&rsquo;unique<\/li>\n\n\n\n<li>Dossier : Les 7 p\u00e9ch\u00e9s capitaux<\/li>\n\n\n\n<li>Flash-Back : D\u00e9senchant\u00e9e<\/li>\n\n\n\n<li>Id\u00e9alis : CDernier sourire<\/li>\n<\/ul>\n\n\n\n<div style=\"height:40px\" aria-hidden=\"true\" class=\"wp-block-spacer\"><\/div>\n\n\n<div class=\"wp-block-image\">\n<figure class=\"alignleft size-full\"><img loading=\"lazy\" decoding=\"async\" width=\"160\" height=\"228\" src=\"https:\/\/nostalgie2000s.com\/wp-content\/uploads\/2025\/01\/MFM-20.jpg\" alt=\"\" class=\"wp-image-13296\"\/><\/figure>\n<\/div>\n\n\n<p><strong>Myl\u00e8ne Farmer Magazine n\u00b020 &#8211; Juillet \/ Ao\u00fbt \/ Septembre 2001<\/strong><\/p>\n\n\n\n<ul class=\"wp-block-list\">\n<li>The Darkness Party<\/li>\n\n\n\n<li>Sujet : L&#8217;empire des sens<\/li>\n\n\n\n<li>MF Confidential<\/li>\n\n\n\n<li>La toile d&rsquo;Alice<\/li>\n\n\n\n<li>Remember : Dernier sourire<\/li>\n\n\n\n<li>L&rsquo;unique : Sp\u00e9cial Picture-Disc<\/li>\n\n\n\n<li>Myl\u00e8ne aime le X<\/li>\n\n\n\n<li>Flash-back : Que mon coeur l\u00e2che<\/li>\n<\/ul>\n\n\n\n<div style=\"height:43px\" aria-hidden=\"true\" class=\"wp-block-spacer\"><\/div>\n\n\n<div class=\"wp-block-image\">\n<figure class=\"alignleft size-full\"><img loading=\"lazy\" decoding=\"async\" width=\"160\" height=\"230\" src=\"https:\/\/nostalgie2000s.com\/wp-content\/uploads\/2025\/01\/MFM-21.jpg\" alt=\"\" class=\"wp-image-13297\"\/><\/figure>\n<\/div>\n\n\n<p><strong>Myl\u00e8ne Farmer Magazine n\u00b021 &#8211; Octobre \/ Novembre \/ D\u00e9cembre 2001<\/strong><\/p>\n\n\n\n<ul class=\"wp-block-list\">\n<li>MF Confidential : Les clips<\/li>\n\n\n\n<li>Sujet : L&#8217;empire des sens<\/li>\n\n\n\n<li>Sujet : Myl\u00e8ne aime le X<\/li>\n\n\n\n<li>Flash-back : \u00ab\u00a0Regrets\u00a0\u00bb, danse macabre \u00e0 Budapest<\/li>\n\n\n\n<li>La toile d&rsquo;Alice<\/li>\n\n\n\n<li><\/li>\n<\/ul>\n\n\n\n<div style=\"height:70px\" aria-hidden=\"true\" class=\"wp-block-spacer\"><\/div>\n\n\n\n<h2 class=\"wp-block-heading has-text-align-center\"><em><strong>2002<\/strong><\/em><\/h2>\n\n\n<div class=\"wp-block-image\">\n<figure class=\"alignleft size-full\"><img loading=\"lazy\" decoding=\"async\" width=\"160\" height=\"227\" src=\"https:\/\/nostalgie2000s.com\/wp-content\/uploads\/2025\/01\/MFM-22.jpg\" alt=\"\" class=\"wp-image-13298\"\/><\/figure>\n<\/div>\n\n\n<p><strong>Myl\u00e8ne Farmer Magazine n\u00b022 &#8211; Janvier \/ F\u00e9vrier \/ Mars 2002<\/strong><\/p>\n\n\n\n<ul class=\"wp-block-list\">\n<li>Sujet : Les mots<\/li>\n\n\n\n<li>MF confidential : les looks de Myl\u00e8ne<\/li>\n\n\n\n<li>Zoom : Luc Dietrich<\/li>\n\n\n\n<li>Dossier : \u00ab\u00a0Optimistique-moi\u00a0\u00bb selon Chaplin<\/li>\n\n\n\n<li>La toile d&rsquo;Alice<\/li>\n\n\n\n<li>L&rsquo;unique<\/li>\n<\/ul>\n\n\n\n<div style=\"height:39px\" aria-hidden=\"true\" class=\"wp-block-spacer\"><\/div>\n\n\n<div class=\"wp-block-image\">\n<figure class=\"alignleft size-full\"><img loading=\"lazy\" decoding=\"async\" width=\"160\" height=\"227\" src=\"https:\/\/nostalgie2000s.com\/wp-content\/uploads\/2025\/01\/MFM-23.jpg\" alt=\"\" class=\"wp-image-13300\"\/><\/figure>\n<\/div>\n\n\n<p><strong>Myl\u00e8ne Farmer Magazine n\u00b023 &#8211; Avril \/ Mai \/ Juin 2002<\/strong><\/p>\n\n\n\n<ul class=\"wp-block-list\">\n<li>Myl\u00e8ne parade<\/li>\n\n\n\n<li>Dossier : r\u00e9trospective premi\u00e8re p\u00e9riode 84\/87<\/li>\n\n\n\n<li>Zoom : Stanley Kubrick<\/li>\n\n\n\n<li>Sujet : Myl\u00e8ne &amp; Seal<\/li>\n\n\n\n<li>La toile d&rsquo;Alice<\/li>\n\n\n\n<li>Expression : Les mots<\/li>\n\n\n\n<li>Expression : Dessine-moi&#8230;<\/li>\n<\/ul>\n\n\n\n<div style=\"height:38px\" aria-hidden=\"true\" class=\"wp-block-spacer\"><\/div>\n\n\n<div class=\"wp-block-image\">\n<figure class=\"alignleft size-full\"><img loading=\"lazy\" decoding=\"async\" width=\"160\" height=\"229\" src=\"https:\/\/nostalgie2000s.com\/wp-content\/uploads\/2025\/01\/MFM-24.jpg\" alt=\"\" class=\"wp-image-13301\"\/><\/figure>\n<\/div>\n\n\n<p><strong>Myl\u00e8ne Farmer Magazine n\u00b024 &#8211; Juillet \/ Ao\u00fbt \/ Septembre 2002<\/strong><\/p>\n\n\n\n<ul class=\"wp-block-list\">\n<li>Myl\u00e8ne aux tops<\/li>\n\n\n\n<li>Dossier : r\u00e9trospective seconde partie 88\/90<\/li>\n\n\n\n<li>Sujet : C&rsquo;est une belle journ\u00e9e<\/li>\n\n\n\n<li>La toile d&rsquo;Alice<\/li>\n\n\n\n<li>Expression : Les mots<\/li>\n\n\n\n<li>Expression : Dessine-moi&#8230;<\/li>\n<\/ul>\n\n\n\n<div style=\"height:46px\" aria-hidden=\"true\" class=\"wp-block-spacer\"><\/div>\n\n\n<div class=\"wp-block-image\">\n<figure class=\"alignleft size-full\"><img loading=\"lazy\" decoding=\"async\" width=\"160\" height=\"229\" src=\"https:\/\/nostalgie2000s.com\/wp-content\/uploads\/2025\/01\/MFM-25.jpg\" alt=\"\" class=\"wp-image-13302\"\/><\/figure>\n<\/div>\n\n\n<p><strong>Myl\u00e8ne Farmer Magazine n\u00b025 &#8211; Octobre \/ Novembre \/ D\u00e9cembre 2002<\/strong><\/p>\n\n\n\n<ul class=\"wp-block-list\">\n<li>Myl\u00e8ne aux tops<\/li>\n\n\n\n<li>Dossier : r\u00e9trospective troisi\u00e8me p\u00e9riode 91\/93<\/li>\n\n\n\n<li>Zoom : Jean-Louis Murat<\/li>\n\n\n\n<li>Sujet : l&rsquo;enfance de l&rsquo;art<\/li>\n\n\n\n<li>La toile d&rsquo;Alice<\/li>\n\n\n\n<li>Myl\u00e8ne parade<\/li>\n\n\n\n<li>Expression : Les mots<\/li>\n\n\n\n<li>Expression : Dessine-moi&#8230;<\/li>\n<\/ul>\n\n\n\n<div style=\"height:75px\" aria-hidden=\"true\" class=\"wp-block-spacer\"><\/div>\n\n\n\n<h2 class=\"wp-block-heading has-text-align-center\"><em><strong>2003<\/strong><\/em><\/h2>\n\n\n<div class=\"wp-block-image\">\n<figure class=\"alignleft size-full\"><img loading=\"lazy\" decoding=\"async\" width=\"160\" height=\"225\" src=\"https:\/\/nostalgie2000s.com\/wp-content\/uploads\/2025\/01\/MFM-26.jpg\" alt=\"\" class=\"wp-image-13303\"\/><\/figure>\n<\/div>\n\n\n<p><strong>Myl\u00e8ne Farmer Magazine n\u00b026 &#8211; Janvier \/ F\u00e9vrier \/ Mars 2003<\/strong><\/p>\n\n\n\n<ul class=\"wp-block-list\">\n<li>Myl\u00e8ne aux tops<\/li>\n\n\n\n<li>Dossier : r\u00e9trospective quatri\u00e8me p\u00e9riode 95\/97<\/li>\n\n\n\n<li>Sujet : Padonne-moi<\/li>\n\n\n\n<li>La toile d&rsquo;Alice<\/li>\n\n\n\n<li>Myl\u00e8ne parade<\/li>\n\n\n\n<li>Expression : Les mots<\/li>\n\n\n\n<li>Expression : Dessine-moi&#8230;<\/li>\n<\/ul>\n\n\n\n<div style=\"height:39px\" aria-hidden=\"true\" class=\"wp-block-spacer\"><\/div>\n\n\n<div class=\"wp-block-image\">\n<figure class=\"alignleft size-full\"><img loading=\"lazy\" decoding=\"async\" width=\"160\" height=\"228\" src=\"https:\/\/nostalgie2000s.com\/wp-content\/uploads\/2025\/01\/MFM-27.jpg\" alt=\"\" class=\"wp-image-13304\"\/><\/figure>\n<\/div>\n\n\n<p><strong>Myl\u00e8ne Farmer Magazine n\u00b027 &#8211; Avril \/ Mai \/ Juin 2003<\/strong><\/p>\n\n\n\n<ul class=\"wp-block-list\">\n<li>Myl\u00e8ne aux tops<\/li>\n\n\n\n<li>Dossier : r\u00e9trospective cinqui\u00e8me p\u00e9riode 1999\/2000<\/li>\n\n\n\n<li>Sujet : Giorgino<\/li>\n\n\n\n<li>La toile d&rsquo;Alice<\/li>\n\n\n\n<li>Myl\u00e8ne parade<\/li>\n\n\n\n<li>Expression : Les mots<\/li>\n\n\n\n<li>Expression : Dessine-moi&#8230;<\/li>\n<\/ul>\n\n\n\n<div style=\"height:38px\" aria-hidden=\"true\" class=\"wp-block-spacer\"><\/div>\n\n\n<div class=\"wp-block-image\">\n<figure class=\"alignleft size-full\"><img loading=\"lazy\" decoding=\"async\" width=\"160\" height=\"219\" src=\"https:\/\/nostalgie2000s.com\/wp-content\/uploads\/2025\/01\/MFM-28.jpg\" alt=\"\" class=\"wp-image-13305\"\/><\/figure>\n<\/div>\n\n\n<p><strong>Myl\u00e8ne Farmer Magazine n\u00b028 &#8211; Juillet \/ Ao\u00fbt \/ Septembre 2003<\/strong><\/p>\n\n\n\n<ul class=\"wp-block-list\">\n<li>R\u00e9trospective \u00e9pilogue (2001\/2003)<\/li>\n\n\n\n<li>Les pr\u00e9mices du mythe<\/li>\n\n\n\n<li>La machine \u00e0 rattraper le temps<\/li>\n\n\n\n<li>Myl\u00e8ne parade<\/li>\n\n\n\n<li>Expression : Les mots<\/li>\n\n\n\n<li>Expression : Dessine-moi<\/li>\n<\/ul>\n\n\n\n<div style=\"height:40px\" aria-hidden=\"true\" class=\"wp-block-spacer\"><\/div>\n\n\n<div class=\"wp-block-image\">\n<figure class=\"alignleft size-full\"><img loading=\"lazy\" decoding=\"async\" width=\"160\" height=\"220\" src=\"https:\/\/nostalgie2000s.com\/wp-content\/uploads\/2025\/01\/MFM-29.jpg\" alt=\"\" class=\"wp-image-13306\"\/><\/figure>\n<\/div>\n\n\n<p><strong>Myl\u00e8ne Farmer Magazine n\u00b029 &#8211; Octobre \/ Novembre \/ D\u00e9cembre 2003<\/strong><\/p>\n\n\n\n<ul class=\"wp-block-list\">\n<li>Mais qui est l&rsquo;autre&#8230; : Quelques chanceux collaborateurs de Myl\u00e8ne<\/li>\n\n\n\n<li>La mort vous va si bien : ou quand Myl\u00e8ne parle de suicide<\/li>\n\n\n\n<li>Baby Doll : Le souffle de l&rsquo;inspiration<\/li>\n\n\n\n<li>Entretien avec Mathias Goudeau : l&rsquo;auteur de \u00ab\u00a0Myl\u00e8ne Farmer &#8211; Le myst\u00e8re\u00a0\u00bb<\/li>\n\n\n\n<li>Myl\u00e8ne Parade<\/li>\n\n\n\n<li>Expression : Les mots<\/li>\n\n\n\n<li>Expression : Dessine-moi<\/li>\n<\/ul>\n\n\n\n<div style=\"height:67px\" aria-hidden=\"true\" class=\"wp-block-spacer\"><\/div>\n\n\n\n<h2 class=\"wp-block-heading has-text-align-center\"><strong><em>2004<\/em><\/strong><\/h2>\n\n\n<div class=\"wp-block-image\">\n<figure class=\"alignleft size-full\"><img loading=\"lazy\" decoding=\"async\" width=\"160\" height=\"220\" src=\"https:\/\/nostalgie2000s.com\/wp-content\/uploads\/2025\/01\/MFM-30.jpg\" alt=\"\" class=\"wp-image-13307\"\/><\/figure>\n<\/div>\n\n\n<p><strong>Myl\u00e8ne Farmer Magazine n\u00b030 &#8211; Janvier \/ F\u00e9vrier \/ Mars 2004<\/strong><\/p>\n\n\n\n<ul class=\"wp-block-list\">\n<li>Myl\u00e8ne s&rsquo;en va en guerre : pistolet, cravache, lame, dents, poings&#8230; tous les coups sont permis<\/li>\n\n\n\n<li>Quand Myl\u00e8ne se refait une beaut\u00e9 : gros plan sur les DJ choisis pour l&rsquo;album \u00ab\u00a0Remixes\u00a0\u00bb<\/li>\n\n\n\n<li>Entretien avec Sophie Tellier : la rivale de \u00ab\u00a0Libertine\u00a0\u00bb<\/li>\n\n\n\n<li>Zoom sur Th\u00e9odore Chass\u00e9riau : quand un peintre sert de mod\u00e8le<\/li>\n\n\n\n<li>Mais qui est l&rsquo;autre&#8230; : portrait de Christophe Danchaud<\/li>\n\n\n\n<li>Myl\u00e8ne Parade<\/li>\n<\/ul>\n\n\n\n<div style=\"height:36px\" aria-hidden=\"true\" class=\"wp-block-spacer\"><\/div>\n\n\n<div class=\"wp-block-image\">\n<figure class=\"alignleft size-full\"><img loading=\"lazy\" decoding=\"async\" width=\"160\" height=\"219\" src=\"https:\/\/nostalgie2000s.com\/wp-content\/uploads\/2025\/01\/MFM-31.jpg\" alt=\"\" class=\"wp-image-13308\"\/><\/figure>\n<\/div>\n\n\n<p><strong>Myl\u00e8ne Farmer Magazine n\u00b031 &#8211; Avril \/ Mai \/ Juin 2004<\/strong><\/p>\n\n\n\n<ul class=\"wp-block-list\">\n<li>Entretien avec Bruno Fontaine : le directeur musical du Tour 89<\/li>\n\n\n\n<li>Une ann\u00e9e avec Myl\u00e8ne Farmer : r\u00e9cit d&rsquo;une belle complicit\u00e9<\/li>\n\n\n\n<li>Zoom sur Egon Schlele : quand l&rsquo;artiste devient muse<\/li>\n\n\n\n<li>Mais qui est l&rsquo;autre : portrait de Laurent Boutonnat<\/li>\n\n\n\n<li>Myl\u00e8ne parade<\/li>\n\n\n\n<li>Expression : Les mots<\/li>\n\n\n\n<li>Expression : Dessine-moi&#8230;<\/li>\n<\/ul>\n\n\n\n<div style=\"height:46px\" aria-hidden=\"true\" class=\"wp-block-spacer\"><\/div>\n\n\n\n<p class=\"has-text-align-center\"><strong>Le magazine a pris fin apr\u00e8s la publication du n\u00b031.<\/strong><\/p>\n\n\n\n<div style=\"height:43px\" aria-hidden=\"true\" class=\"wp-block-spacer\"><\/div>\n\n\n\n<pre class=\"wp-block-preformatted\"><input type=\"button\" value=\"Retour\" class=\"alg_back_button_input \" style=\"\" onclick=\"window.history.back()\" \/><\/pre>\n\n\n\n<p><\/p>\n","protected":false},"excerpt":{"rendered":"<p>Lanc\u00e9 en 1996, Myl\u00e8ne Farmer Magazine est l\u2019\u00e9manation du Myl\u00e8ne Farmer Fanzine, \u00e9dit\u00e9 par l\u2019association Wolf Production. Initialement distribu\u00e9 par abonnement, il arrive en kiosque au num\u00e9ro 6 et se [&hellip;]<\/p>\n","protected":false},"author":1,"featured_media":0,"parent":0,"menu_order":0,"comment_status":"closed","ping_status":"closed","template":"","meta":{"_kadence_starter_templates_imported_post":false,"iawp_total_views":22,"footnotes":""},"class_list":["post-13275","page","type-page","status-publish","hentry"],"_links":{"self":[{"href":"https:\/\/nostalgie2000s.com\/index.php\/wp-json\/wp\/v2\/pages\/13275","targetHints":{"allow":["GET"]}}],"collection":[{"href":"https:\/\/nostalgie2000s.com\/index.php\/wp-json\/wp\/v2\/pages"}],"about":[{"href":"https:\/\/nostalgie2000s.com\/index.php\/wp-json\/wp\/v2\/types\/page"}],"author":[{"embeddable":true,"href":"https:\/\/nostalgie2000s.com\/index.php\/wp-json\/wp\/v2\/users\/1"}],"replies":[{"embeddable":true,"href":"https:\/\/nostalgie2000s.com\/index.php\/wp-json\/wp\/v2\/comments?post=13275"}],"version-history":[{"count":11,"href":"https:\/\/nostalgie2000s.com\/index.php\/wp-json\/wp\/v2\/pages\/13275\/revisions"}],"predecessor-version":[{"id":14137,"href":"https:\/\/nostalgie2000s.com\/index.php\/wp-json\/wp\/v2\/pages\/13275\/revisions\/14137"}],"wp:attachment":[{"href":"https:\/\/nostalgie2000s.com\/index.php\/wp-json\/wp\/v2\/media?parent=13275"}],"curies":[{"name":"wp","href":"https:\/\/api.w.org\/{rel}","templated":true}]}}